{"id":21857,"date":"2018-07-30T20:55:16","date_gmt":"2018-07-30T18:55:16","guid":{"rendered":"https:\/\/junge-erwachsene-mit-krebs.de\/aktuelles\/"},"modified":"2025-01-07T15:23:51","modified_gmt":"2025-01-07T14:23:51","slug":"aktuelles","status":"publish","type":"page","link":"https:\/\/te2.demo.hello-it.eu\/ls\/aktuelles\/","title":{"rendered":"Aktuelles"},"content":{"rendered":"<section class=\"av_textblock_section \"  itemscope=\"itemscope\" itemtype=\"https:\/\/schema.org\/CreativeWork\" ><div class='avia_textblock  '   itemprop=\"text\" ><h2 style=\"text-align: center;\">Aktuelles<\/h2>\n<\/div><\/section>\n<section class=\"av_textblock_section \"  itemscope=\"itemscope\" itemtype=\"https:\/\/schema.org\/CreativeWork\" ><div class='avia_textblock  '   itemprop=\"text\" ><p>Die <strong>Deutsche Stiftung f\u00fcr junge Erwachsene mit Krebs<\/strong> ver\u00f6ffentlicht auf ihrer Webseite u.a. News, Pressemitteilungen und Gastbeitr\u00e4ge. Dar\u00fcber hinaus informiert sie Interessierte \u00fcber anstehende Veranstaltungen, wie Workshops, Pressekonferenzen, Patiententage und -kongresse sowie die regelm\u00e4\u00dfigen Treffen der deutschlandweiten TREFFPUNKTE. Eine \u00dcbersicht finden Sie hier.<\/p>\n<\/div><\/section>\n<\/div><\/div><\/div><!-- close content main div --><\/div><\/div><div id='av_section_1' class='avia-section main_color avia-section-default avia-no-border-styling avia-bg-style-scroll    container_wrap fullsize' style = 'background-color: #f6f6f6; background-image: '  ><div class='container' ><div class='template-page content  av-content-full alpha units'><div class='post-entry post-entry-type-page post-entry-21857'><div class='entry-content-wrapper clearfix'>\n<div class=\"flex_column av_one_half  flex_column_div av-zero-column-padding first  \" style='border-radius:0px; '><article class=\"iconbox iconbox_top main_color    no_symbol \"  itemscope=\"itemscope\" itemtype=\"https:\/\/schema.org\/CreativeWork\" ><div class=\"iconbox_content\"><header class=\"entry-content-header\"><div class=\"iconbox_icon heading-color \" aria-hidden='true' data-av_icon='\ue854' data-av_iconfont='entypo-fontello'  ><\/div><h3 class='iconbox_content_title '  itemprop=\"headline\"  ><a href='https:\/\/junge-erwachsene-mit-krebs.de\/aktuelles\/neuigkeiten\/' title='Neuigkeiten'  >Neuigkeiten<\/a><\/h3><\/header><div class='iconbox_content_container  '  itemprop=\"text\"  ><p>Lesen Sie hier aktuelle Neuigkeiten, Pressemitteilungen, Interviews und Gastbeitr\u00e4ge rund um die Deutsche Stiftung f\u00fcr junge Erwachsene mit Krebs.<\/p>\n<p><a href=\"https:\/\/junge-erwachsene-mit-krebs.de\/aktuelles\/neuigkeiten\/\" rel=\"noopener\">MEHR ERFAHREN<\/a><\/p>\n<\/div><\/div><footer class=\"entry-footer\"><\/footer><\/article><\/div><div class=\"flex_column av_one_half  flex_column_div av-zero-column-padding   \" style='border-radius:0px; '><article class=\"iconbox iconbox_top main_color    no_symbol \"  itemscope=\"itemscope\" itemtype=\"https:\/\/schema.org\/CreativeWork\" ><div class=\"iconbox_content\"><header class=\"entry-content-header\"><div class=\"iconbox_icon heading-color \" aria-hidden='true' data-av_icon='\ue854' data-av_iconfont='entypo-fontello'  ><\/div><h3 class='iconbox_content_title '  itemprop=\"headline\"  ><a href='https:\/\/junge-erwachsene-mit-krebs.de\/aktuelles\/termine\/' title='Termine'  >Termine<\/a><\/h3><\/header><div class='iconbox_content_container  '  itemprop=\"text\"  ><p>Hier finden Sie eine Liste aller kommenden internen und externen Veranstaltungen der Deutschen Stiftung f\u00fcr junge Erwachsene mit Krebs und seiner TREFFPUNKTE.<\/p>\n<p><a href=\"https:\/\/junge-erwachsene-mit-krebs.de\/aktuelles\/termine\/\" rel=\"noopener\">MEHR ERFAHREN<\/a><\/p>\n<\/div><\/div><footer class=\"entry-footer\"><\/footer><\/article><\/div>\n\n","protected":false},"excerpt":{"rendered":"","protected":false},"author":1,"featured_media":0,"parent":0,"menu_order":0,"comment_status":"closed","ping_status":"closed","template":"template-uebersicht.php","meta":{"_acf_changed":false,"footnotes":""},"class_list":["post-21857","page","type-page","status-publish","hentry"],"acf":[],"yoast_head":"<!-- This site is optimized with the Yoast SEO Premium plugin v18.2.1 (Yoast SEO v24.6) - https:\/\/yoast.com\/wordpress\/plugins\/seo\/ -->\n<title>Aktuelles - DSFJEMK<\/title>\n<meta name=\"description\" content=\"\u00dcbersicht aller aktuellen Neuigkeiten aus der Deutschen Stiftung f\u00fcr junge Erwachsene mit Krebs mit allen kommenden Terminen und Veranstaltungen.\" \/>\n<meta name=\"robots\" content=\"noindex, follow, max-snippet:-1, max-image-preview:large, max-video-preview:-1\" \/>\n<meta property=\"og:locale\" content=\"de_DE\" \/>\n<meta property=\"og:type\" content=\"article\" \/>\n<meta property=\"og:title\" content=\"Aktuelles\" \/>\n<meta property=\"og:description\" content=\"\u00dcbersicht aller aktuellen Neuigkeiten aus der Deutschen Stiftung f\u00fcr junge Erwachsene mit Krebs mit allen kommenden Terminen und Veranstaltungen.\" \/>\n<meta property=\"og:url\" content=\"https:\/\/te2.demo.hello-it.eu\/aktuelles\/\" \/>\n<meta property=\"og:site_name\" content=\"DSFJEMK\" \/>\n<meta property=\"article:modified_time\" content=\"2025-01-07T14:23:51+00:00\" \/>\n<meta name=\"twitter:card\" content=\"summary_large_image\" \/>\n<meta name=\"twitter:label1\" content=\"Est. reading time\" \/>\n\t<meta name=\"twitter:data1\" content=\"3 minutes\" \/>\n<script type=\"application\/ld+json\" class=\"yoast-schema-graph\">{\"@context\":\"https:\/\/schema.org\",\"@graph\":[{\"@type\":\"WebPage\",\"@id\":\"https:\/\/te2.demo.hello-it.eu\/aktuelles\/\",\"url\":\"https:\/\/te2.demo.hello-it.eu\/aktuelles\/\",\"name\":\"Aktuelles - DSFJEMK\",\"isPartOf\":{\"@id\":\"https:\/\/te2.demo.hello-it.eu\/#website\"},\"datePublished\":\"2018-07-30T18:55:16+00:00\",\"dateModified\":\"2025-01-07T14:23:51+00:00\",\"description\":\"\u00dcbersicht aller aktuellen Neuigkeiten aus der Deutschen Stiftung f\u00fcr junge Erwachsene mit Krebs mit allen kommenden Terminen und Veranstaltungen.\",\"breadcrumb\":{\"@id\":\"https:\/\/te2.demo.hello-it.eu\/aktuelles\/#breadcrumb\"},\"inLanguage\":\"de-LS\",\"potentialAction\":[{\"@type\":\"ReadAction\",\"target\":[\"https:\/\/te2.demo.hello-it.eu\/aktuelles\/\"]}]},{\"@type\":\"BreadcrumbList\",\"@id\":\"https:\/\/te2.demo.hello-it.eu\/aktuelles\/#breadcrumb\",\"itemListElement\":[{\"@type\":\"ListItem\",\"position\":1,\"name\":\"Startseite\",\"item\":\"https:\/\/te2.demo.hello-it.eu\/\"},{\"@type\":\"ListItem\",\"position\":2,\"name\":\"Aktuelles\"}]},{\"@type\":\"WebSite\",\"@id\":\"https:\/\/te2.demo.hello-it.eu\/#website\",\"url\":\"https:\/\/te2.demo.hello-it.eu\/\",\"name\":\"DSFJEMK\",\"description\":\"Deutsche Stiftung f\u00fcr junge Erwachsene mit Krebs\",\"publisher\":{\"@id\":\"https:\/\/te2.demo.hello-it.eu\/#organization\"},\"potentialAction\":[{\"@type\":\"SearchAction\",\"target\":{\"@type\":\"EntryPoint\",\"urlTemplate\":\"https:\/\/te2.demo.hello-it.eu\/?s={search_term_string}\"},\"query-input\":{\"@type\":\"PropertyValueSpecification\",\"valueRequired\":true,\"valueName\":\"search_term_string\"}}],\"inLanguage\":\"de-LS\"},{\"@type\":\"Organization\",\"@id\":\"https:\/\/te2.demo.hello-it.eu\/#organization\",\"name\":\"Deutsche Stiftung f\u00fcr junge Erwachsene mit Krebs\",\"url\":\"https:\/\/te2.demo.hello-it.eu\/\",\"logo\":{\"@type\":\"ImageObject\",\"inLanguage\":\"de-LS\",\"@id\":\"https:\/\/te2.demo.hello-it.eu\/#\/schema\/logo\/image\/\",\"url\":\"https:\/\/te2.demo.hello-it.eu\/wp-content\/uploads\/2018\/09\/Logo_DSfjEmK-2018.jpg\",\"contentUrl\":\"https:\/\/te2.demo.hello-it.eu\/wp-content\/uploads\/2018\/09\/Logo_DSfjEmK-2018.jpg\",\"width\":1000,\"height\":1000,\"caption\":\"Deutsche Stiftung f\u00fcr junge Erwachsene mit Krebs\"},\"image\":{\"@id\":\"https:\/\/te2.demo.hello-it.eu\/#\/schema\/logo\/image\/\"}}]}<\/script>\n<!-- \/ Yoast SEO Premium plugin. -->","yoast_head_json":{"title":"Aktuelles - DSFJEMK","description":"\u00dcbersicht aller aktuellen Neuigkeiten aus der Deutschen Stiftung f\u00fcr junge Erwachsene mit Krebs mit allen kommenden Terminen und Veranstaltungen.","robots":{"index":"noindex","follow":"follow","max-snippet":"max-snippet:-1","max-image-preview":"max-image-preview:large","max-video-preview":"max-video-preview:-1"},"og_locale":"de_DE","og_type":"article","og_title":"Aktuelles","og_description":"\u00dcbersicht aller aktuellen Neuigkeiten aus der Deutschen Stiftung f\u00fcr junge Erwachsene mit Krebs mit allen kommenden Terminen und Veranstaltungen.","og_url":"https:\/\/te2.demo.hello-it.eu\/aktuelles\/","og_site_name":"DSFJEMK","article_modified_time":"2025-01-07T14:23:51+00:00","twitter_card":"summary_large_image","twitter_misc":{"Est. reading time":"3 minutes"},"schema":{"@context":"https:\/\/schema.org","@graph":[{"@type":"WebPage","@id":"https:\/\/te2.demo.hello-it.eu\/aktuelles\/","url":"https:\/\/te2.demo.hello-it.eu\/aktuelles\/","name":"Aktuelles - DSFJEMK","isPartOf":{"@id":"https:\/\/te2.demo.hello-it.eu\/#website"},"datePublished":"2018-07-30T18:55:16+00:00","dateModified":"2025-01-07T14:23:51+00:00","description":"\u00dcbersicht aller aktuellen Neuigkeiten aus der Deutschen Stiftung f\u00fcr junge Erwachsene mit Krebs mit allen kommenden Terminen und Veranstaltungen.","breadcrumb":{"@id":"https:\/\/te2.demo.hello-it.eu\/aktuelles\/#breadcrumb"},"inLanguage":"de-LS","potentialAction":[{"@type":"ReadAction","target":["https:\/\/te2.demo.hello-it.eu\/aktuelles\/"]}]},{"@type":"BreadcrumbList","@id":"https:\/\/te2.demo.hello-it.eu\/aktuelles\/#breadcrumb","itemListElement":[{"@type":"ListItem","position":1,"name":"Startseite","item":"https:\/\/te2.demo.hello-it.eu\/"},{"@type":"ListItem","position":2,"name":"Aktuelles"}]},{"@type":"WebSite","@id":"https:\/\/te2.demo.hello-it.eu\/#website","url":"https:\/\/te2.demo.hello-it.eu\/","name":"DSFJEMK","description":"Deutsche Stiftung f\u00fcr junge Erwachsene mit Krebs","publisher":{"@id":"https:\/\/te2.demo.hello-it.eu\/#organization"},"potentialAction":[{"@type":"SearchAction","target":{"@type":"EntryPoint","urlTemplate":"https:\/\/te2.demo.hello-it.eu\/?s={search_term_string}"},"query-input":{"@type":"PropertyValueSpecification","valueRequired":true,"valueName":"search_term_string"}}],"inLanguage":"de-LS"},{"@type":"Organization","@id":"https:\/\/te2.demo.hello-it.eu\/#organization","name":"Deutsche Stiftung f\u00fcr junge Erwachsene mit Krebs","url":"https:\/\/te2.demo.hello-it.eu\/","logo":{"@type":"ImageObject","inLanguage":"de-LS","@id":"https:\/\/te2.demo.hello-it.eu\/#\/schema\/logo\/image\/","url":"https:\/\/te2.demo.hello-it.eu\/wp-content\/uploads\/2018\/09\/Logo_DSfjEmK-2018.jpg","contentUrl":"https:\/\/te2.demo.hello-it.eu\/wp-content\/uploads\/2018\/09\/Logo_DSfjEmK-2018.jpg","width":1000,"height":1000,"caption":"Deutsche Stiftung f\u00fcr junge Erwachsene mit Krebs"},"image":{"@id":"https:\/\/te2.demo.hello-it.eu\/#\/schema\/logo\/image\/"}}]}},"_links":{"self":[{"href":"https:\/\/te2.demo.hello-it.eu\/ls\/wp-json\/wp\/v2\/pages\/21857","targetHints":{"allow":["GET"]}}],"collection":[{"href":"https:\/\/te2.demo.hello-it.eu\/ls\/wp-json\/wp\/v2\/pages"}],"about":[{"href":"https:\/\/te2.demo.hello-it.eu\/ls\/wp-json\/wp\/v2\/types\/page"}],"author":[{"embeddable":true,"href":"https:\/\/te2.demo.hello-it.eu\/ls\/wp-json\/wp\/v2\/users\/1"}],"replies":[{"embeddable":true,"href":"https:\/\/te2.demo.hello-it.eu\/ls\/wp-json\/wp\/v2\/comments?post=21857"}],"version-history":[{"count":23,"href":"https:\/\/te2.demo.hello-it.eu\/ls\/wp-json\/wp\/v2\/pages\/21857\/revisions"}],"predecessor-version":[{"id":26640,"href":"https:\/\/te2.demo.hello-it.eu\/ls\/wp-json\/wp\/v2\/pages\/21857\/revisions\/26640"}],"wp:attachment":[{"href":"https:\/\/te2.demo.hello-it.eu\/ls\/wp-json\/wp\/v2\/media?parent=21857"}],"curies":[{"name":"wp","href":"https:\/\/api.w.org\/{rel}","templated":true}]}}