{"id":8451,"date":"2019-02-19T15:58:37","date_gmt":"2019-02-19T14:58:37","guid":{"rendered":"https:\/\/junge-erwachsene-mit-krebs.de\/jung-krebs\/gesichter\/"},"modified":"2021-12-22T10:34:19","modified_gmt":"2021-12-22T09:34:19","slug":"faces","status":"publish","type":"page","link":"https:\/\/te2.demo.hello-it.eu\/en\/youth-cancer\/faces\/","title":{"rendered":"Faces"},"content":{"rendered":"<section class=\"av_textblock_section \"  itemscope=\"itemscope\" itemtype=\"https:\/\/schema.org\/CreativeWork\" ><div class='avia_textblock  '   itemprop=\"text\" ><h2 style=\"text-align: center;\">Gesichter<\/h2>\n<\/div><\/section>\n<div  data-size='no scaling'  data-lightbox_size='large'  data-animation='slide'  data-conditional_play=''  data-ids='4219,13983,13985,4321,4319,13987,13989,13977,4320,13981'  data-video_counter='0'  data-autoplay='true'  data-bg_slider='false'  data-slide_height=''  data-handle='av_slideshow'  data-interval='5'  data-class='  '  data-css_id=''  data-scroll_down=''  data-control_layout='av-control-default'  data-custom_markup=''  data-perma_caption=''  data-autoplay_stopper=''  data-image_attachment=''  data-min_height='0px'  class='avia-slideshow avia-slideshow-1  av-control-default av-default-height-applied avia-slideshow-no scaling av_slideshow    avia-slide-slider '  itemprop=\"ImageObject\" itemscope=\"itemscope\" itemtype=\"https:\/\/schema.org\/ImageObject\" ><ul class='avia-slideshow-inner ' style='padding-bottom: 66.642857142857%;' ><li  class=' slide-1 ' ><a href='https:\/\/junge-erwachsene-mit-krebs.de\/youth-cancer\/faces\/bernd\/?lang=en' data-rel='slideshow-1' class='avia-slide-wrap '   ><div class=\"avia-caption av-slideshow-caption\"><div class=\"avia-inner-caption\"><div class='avia-caption-content  '  itemprop=\"description\"  ><p>Bernd<\/p>\n<\/div><\/div><\/div><img src='https:\/\/te2.demo.hello-it.eu\/wp-content\/uploads\/2018\/09\/Bernd-03.jpg' width='1400' height='933' title='Bernd 03' alt=''  itemprop=\"thumbnailUrl\"   \/><\/a><\/li><li  class=' slide-2 ' ><a href='https:\/\/junge-erwachsene-mit-krebs.de\/jung-und-krebs\/gesichter\/jette\/' data-rel='slideshow-1' class='avia-slide-wrap '   ><div class=\"avia-caption av-slideshow-caption\"><div class=\"avia-inner-caption\"><div class='avia-caption-content  '  itemprop=\"description\"  ><p>Jette<\/p>\n<\/div><\/div><\/div><img src='https:\/\/te2.demo.hello-it.eu\/wp-content\/uploads\/2020\/06\/Jette-Online-scaled-e1592396696152.jpg' width='1707' height='2560' title='Jette - Online' alt=''  itemprop=\"thumbnailUrl\"   \/><\/a><\/li><li  class=' slide-3 ' ><a href='https:\/\/junge-erwachsene-mit-krebs.de\/jung-und-krebs\/gesichter\/johanna\/' data-rel='slideshow-1' class='avia-slide-wrap '   ><div class=\"avia-caption av-slideshow-caption\"><div class=\"avia-inner-caption\"><div class='avia-caption-content  '  itemprop=\"description\"  ><p>Johanna<\/p>\n<\/div><\/div><\/div><img src='https:\/\/te2.demo.hello-it.eu\/wp-content\/uploads\/2020\/06\/Johanna-Online-scaled-e1592396738975.jpg' width='1707' height='2560' title='Johanna - Online' alt=''  itemprop=\"thumbnailUrl\"   \/><\/a><\/li><li  class=' slide-4 ' ><a href='https:\/\/junge-erwachsene-mit-krebs.de\/youth-cancer\/faces\/lisa\/?lang=en' data-rel='slideshow-1' class='avia-slide-wrap '   ><div class=\"avia-caption av-slideshow-caption\"><div class=\"avia-inner-caption\"><div class='avia-caption-content  '  itemprop=\"description\"  ><p>Lisa<\/p>\n<\/div><\/div><\/div><img src='https:\/\/te2.demo.hello-it.eu\/wp-content\/uploads\/2018\/09\/0DB140811D044.jpg' width='1900' height='1267' title='Lisa' alt=''  itemprop=\"thumbnailUrl\"   \/><\/a><\/li><li  class=' slide-5 ' ><a href='https:\/\/junge-erwachsene-mit-krebs.de\/youth-cancer\/faces\/nadine\/?lang=en' data-rel='slideshow-1' class='avia-slide-wrap '   ><div class=\"avia-caption av-slideshow-caption\"><div class=\"avia-inner-caption\"><div class='avia-caption-content  '  itemprop=\"description\"  ><p>Nadine<\/p>\n<\/div><\/div><\/div><img src='https:\/\/te2.demo.hello-it.eu\/wp-content\/uploads\/2018\/09\/0DB140723D925.jpg' width='1400' height='933' title='0DB140723D925' alt=''  itemprop=\"thumbnailUrl\"   \/><\/a><\/li><li  class=' slide-6 ' ><a href='https:\/\/junge-erwachsene-mit-krebs.de\/jung-und-krebs\/gesichter\/natascha\/' data-rel='slideshow-1' class='avia-slide-wrap '   ><div class=\"avia-caption av-slideshow-caption\"><div class=\"avia-inner-caption\"><div class='avia-caption-content  '  itemprop=\"description\"  ><p>Natascha<\/p>\n<\/div><\/div><\/div><img src='https:\/\/te2.demo.hello-it.eu\/wp-content\/uploads\/2020\/06\/Natascha-Online-scaled-e1592396801445.jpg' width='1707' height='2560' title='Natascha - Online' alt=''  itemprop=\"thumbnailUrl\"   \/><\/a><\/li><li  class=' slide-7 ' ><a href='https:\/\/junge-erwachsene-mit-krebs.de\/jung-und-krebs\/gesichter\/patrick\/' data-rel='slideshow-1' class='avia-slide-wrap '   ><div class=\"avia-caption av-slideshow-caption\"><div class=\"avia-inner-caption\"><div class='avia-caption-content  '  itemprop=\"description\"  ><p>Patrick<\/p>\n<\/div><\/div><\/div><img src='https:\/\/te2.demo.hello-it.eu\/wp-content\/uploads\/2020\/06\/Patrick-Online-scaled-e1592396857652.jpg' width='1707' height='2560' title='Patrick - Online' alt=''  itemprop=\"thumbnailUrl\"   \/><\/a><\/li><li  class=' slide-8 ' ><a href='https:\/\/junge-erwachsene-mit-krebs.de\/jung-und-krebs\/gesichter\/sandra\/' data-rel='slideshow-1' class='avia-slide-wrap '   ><div class=\"avia-caption av-slideshow-caption\"><div class=\"avia-inner-caption\"><div class='avia-caption-content  '  itemprop=\"description\"  ><p>Sandra<\/p>\n<\/div><\/div><\/div><img src='https:\/\/te2.demo.hello-it.eu\/wp-content\/uploads\/2020\/06\/Sandra-Online-scaled-e1592396433868.jpg' width='1707' height='2560' title='Sandra - Online' alt=''  itemprop=\"thumbnailUrl\"   \/><\/a><\/li><li  class=' slide-9 ' ><a href='https:\/\/junge-erwachsene-mit-krebs.de\/youth-cancer\/faces\/steffi\/?lang=en' data-rel='slideshow-1' class='avia-slide-wrap '   ><div class=\"avia-caption av-slideshow-caption\"><div class=\"avia-inner-caption\"><div class='avia-caption-content  '  itemprop=\"description\"  ><p>Steffi<\/p>\n<\/div><\/div><\/div><img src='https:\/\/te2.demo.hello-it.eu\/wp-content\/uploads\/2018\/09\/0DB140730D314.jpg' width='1400' height='933' title='0DB140730D314' alt=''  itemprop=\"thumbnailUrl\"   \/><\/a><\/li><li  class=' slide-10 ' ><a href='https:\/\/junge-erwachsene-mit-krebs.de\/jung-und-krebs\/gesichter\/stephan\/' data-rel='slideshow-1' class='avia-slide-wrap '   ><div class=\"avia-caption av-slideshow-caption\"><div class=\"avia-inner-caption\"><div class='avia-caption-content  '  itemprop=\"description\"  ><p>Stephan<\/p>\n<\/div><\/div><\/div><img src='https:\/\/te2.demo.hello-it.eu\/wp-content\/uploads\/2020\/06\/Stephan-Online-scaled-e1592396646970.jpg' width='1707' height='2560' title='Stephan - Online' alt=''  itemprop=\"thumbnailUrl\"   \/><\/a><\/li><\/ul><div class='avia-slideshow-arrows avia-slideshow-controls'><a href='#prev' class='prev-slide' aria-hidden='true' data-av_icon='\ue87c' data-av_iconfont='entypo-fontello'>Previous<\/a><a href='#next' class='next-slide' aria-hidden='true' data-av_icon='\ue87d' data-av_iconfont='entypo-fontello'>Next<\/a><\/div><div class='avia-slideshow-dots avia-slideshow-controls'><a href='#1' class='goto-slide active' >1<\/a><a href='#2' class='goto-slide ' >2<\/a><a href='#3' class='goto-slide ' >3<\/a><a href='#4' class='goto-slide ' >4<\/a><a href='#5' class='goto-slide ' >5<\/a><a href='#6' class='goto-slide ' >6<\/a><a href='#7' class='goto-slide ' >7<\/a><a href='#8' class='goto-slide ' >8<\/a><a href='#9' class='goto-slide ' >9<\/a><a href='#10' class='goto-slide ' >10<\/a><\/div><\/div>\n<section class=\"av_textblock_section \"  itemscope=\"itemscope\" itemtype=\"https:\/\/schema.org\/CreativeWork\" ><div class='avia_textblock  '   itemprop=\"text\" ><h3 style=\"text-align: center;\">Die Stiftung im Gespr\u00e4ch mit Patientinnen und Patienten<\/h3>\n<p>Krebs bei jungen Erwachsenen hat andere Auswirkungen als bei Kindern oder \u00e4lteren Menschen. Wir haben Patientinnen und Patienten besucht und mit ihnen \u00fcber ihre Krebserkrankung gesprochen.<\/p>\n<\/div><\/section>\n<div class='avia-icon-list-container   '><ul class='avia-icon-list avia-icon-list-left av-iconlist-small avia_animate_when_almost_visible'>\n<li><a href='https:\/\/www.youtube.com\/playlist?list=PL6RimTJ448evtOFm8EYmnjcQcmPtPR8g_' title='Hier k\u00f6nnen Sie die Videos mit ihren Interviews zum Leben mit Krebs, zu ihren Hoffnungen und Erfahrungen ansehen'  target=\"_blank\"   class='iconlist_icon  avia-font-entypo-fontello'><span class='iconlist-char ' aria-hidden='true' data-av_icon='\ue86c' data-av_iconfont='entypo-fontello'><\/span><\/a><article class=\"article-icon-entry av-iconlist-empty\"  itemscope=\"itemscope\" itemtype=\"https:\/\/schema.org\/CreativeWork\" ><div class='iconlist_content_wrap'><header class=\"entry-content-header\"><div class='av_iconlist_title iconlist_title_small  '  itemprop=\"headline\"  ><a href='https:\/\/www.youtube.com\/playlist?list=PL6RimTJ448evtOFm8EYmnjcQcmPtPR8g_' title='Hier k\u00f6nnen Sie die Videos mit ihren Interviews zum Leben mit Krebs, zu ihren Hoffnungen und Erfahrungen ansehen' target=\"_blank\" >Hier k\u00f6nnen Sie die Videos mit ihren Interviews zum Leben mit Krebs, zu ihren Hoffnungen und Erfahrungen ansehen<\/a><\/div><\/header><div class='iconlist_content  '  itemprop=\"text\"  ><\/div><\/div><footer class=\"entry-footer\"><\/footer><\/article><div class='iconlist-timeline'><\/div><\/li>\n<\/ul><\/div>\n<section class=\"av_textblock_section \"  itemscope=\"itemscope\" itemtype=\"https:\/\/schema.org\/CreativeWork\" ><div class='avia_textblock  '   itemprop=\"text\" ><p>Erfahren Sie, wie junge Erwachsene mit ihrer Krankheit umgehen und \u201eGesicht zeigen\u201c. Wir danken allen hier vorgestellten Patientinnen und Patienten f\u00fcr ihren Mut und ihre Offenheit. Von diesem ehrenamtlichen Engagement lebt die Stiftung.<\/p>\n<p>Im Jahr 2019 entwickelten wir gemeinsam mit den Gesichtern der Stiftung eine <a href=\"https:\/\/junge-erwachsene-mit-krebs.de\/wp-content\/uploads\/2020\/06\/Portrait-Rollup-Banner_DRUCK.pdf\" target=\"_blank\" rel=\"noopener\"><strong>Roll-Up-Ausstellung<\/strong><\/a>, die die \u00d6ffentlichkeit \u00fcber das Thema &#8220;junge Erwachsene mit Krebs&#8221; aufkl\u00e4ren soll. So geben wir den jungen Betroffenen eine Stimme in der \u00d6ffentlichkeit und zeigen die Geschichten hinter dem Krebs. Alle Teilnehmerinnen und Teilnehmer am Projekt \u201eGesicht zeigen\u201c engagieren sich in den TREFFPUNKTEN der Deutschen Stiftung f\u00fcr junge Erwachsene mit Krebs.<\/p>\n<p>Die Ausstellung ist als Wanderausstellung konzipiert und kann bei Interesse von Kliniken, Forschungseinrichtungen und anderen im Gesundheitsbereich t\u00e4tigen Institutionen ausgeliehen werden. Schreiben Sie daf\u00fcr einfach eine E-Mail an <a href=\"mailto:info@junge-erwachsene-mit-krebs.de\"><strong>info@junge-erwachsene-mit-krebs.de<\/strong><\/a> und geben den Betreff &#8220;Ausstellung &#8211; Gesicht zeigen&#8221; an.<\/p>\n<\/div><\/section>\n<\/div><\/div><\/div><!-- close content main div --><\/div><\/div><div id='av_section_1' class='avia-section main_color avia-section-default avia-no-border-styling avia-bg-style-scroll    container_wrap fullsize' style = 'background-color: #f6f6f6; background-image: '  ><div class='container' ><div class='template-page content  av-content-full alpha units'><div class='post-entry post-entry-type-page post-entry-8451'><div class='entry-content-wrapper clearfix'>\n<div class=\"flex_column av_one_half  flex_column_div av-zero-column-padding first  \" style='border-radius:0px; '><article class=\"iconbox iconbox_top main_color    no_symbol \"  itemscope=\"itemscope\" itemtype=\"https:\/\/schema.org\/CreativeWork\" ><div class=\"iconbox_content\"><header class=\"entry-content-header\"><div class=\"iconbox_icon heading-color \" aria-hidden='true' data-av_icon='\ue854' data-av_iconfont='entypo-fontello'  ><\/div><h3 class='iconbox_content_title '  itemprop=\"headline\"  ><a href='https:\/\/junge-erwachsene-mit-krebs.de\/youth-cancer\/faces\/bernd\/?lang=en' title='Bernd'  >Bernd<\/a><\/h3><\/header><div class='iconbox_content_container  '  itemprop=\"text\"  ><p><img loading=\"lazy\" decoding=\"async\" class=\"alignnone size-medium wp-image-4217\" src=\"https:\/\/junge-erwachsene-mit-krebs.de\/wp-content\/uploads\/2018\/09\/Bernd-01-300x200.jpg\" alt=\"\" width=\"300\" height=\"200\" srcset=\"https:\/\/te2.demo.hello-it.eu\/wp-content\/uploads\/2018\/09\/Bernd-01-300x200.jpg 300w, https:\/\/te2.demo.hello-it.eu\/wp-content\/uploads\/2018\/09\/Bernd-01-768x512.jpg 768w, https:\/\/te2.demo.hello-it.eu\/wp-content\/uploads\/2018\/09\/Bernd-01-1030x686.jpg 1030w, https:\/\/te2.demo.hello-it.eu\/wp-content\/uploads\/2018\/09\/Bernd-01-705x470.jpg 705w, https:\/\/te2.demo.hello-it.eu\/wp-content\/uploads\/2018\/09\/Bernd-01-450x300.jpg 450w, https:\/\/te2.demo.hello-it.eu\/wp-content\/uploads\/2018\/09\/Bernd-01.jpg 1400w\" sizes=\"auto, (max-width: 300px) 100vw, 300px\" \/><\/p>\n<p>22, Elektroniker<br \/>\nDarmkrebs*<\/p>\n<p><a href=\"https:\/\/junge-erwachsene-mit-krebs.de\/jung-und-krebs\/gesichter\/bernd\/\" rel=\"noopener\">MEHR ERFAHREN<\/a><\/p>\n<\/div><\/div><footer class=\"entry-footer\"><\/footer><\/article><\/div><div class=\"flex_column av_one_half  flex_column_div av-zero-column-padding   \" style='border-radius:0px; '><article class=\"iconbox iconbox_top main_color    no_symbol \"  itemscope=\"itemscope\" itemtype=\"https:\/\/schema.org\/CreativeWork\" ><div class=\"iconbox_content\"><header class=\"entry-content-header\"><div class=\"iconbox_icon heading-color \" aria-hidden='true' data-av_icon='\ue854' data-av_iconfont='entypo-fontello'  ><\/div><h3 class='iconbox_content_title '  itemprop=\"headline\"  ><a href='https:\/\/junge-erwachsene-mit-krebs.de\/jung-und-krebs\/gesichter\/jette\/' title='Jette'  >Jette<\/a><\/h3><\/header><div class='iconbox_content_container  '  itemprop=\"text\"  ><p><img loading=\"lazy\" decoding=\"async\" class=\"alignnone wp-image-13983 size-medium\" src=\"https:\/\/junge-erwachsene-mit-krebs.de\/wp-content\/uploads\/2020\/06\/Jette-Online-scaled-e1592396684241-300x200.jpg\" alt=\"\" width=\"300\" height=\"200\" \/><\/p>\n<p>16, Studentin,<br \/>\nAkute Lymphatische Leuk\u00e4mie*<\/p>\n<p><a href=\"https:\/\/junge-erwachsene-mit-krebs.de\/jung-und-krebs\/gesichter\/jette\/\" rel=\"noopener\">MEHR ERFAHREN<\/a><\/p>\n<\/div><\/div><footer class=\"entry-footer\"><\/footer><\/article><\/div><div class=\"flex_column av_one_half  flex_column_div av-zero-column-padding first  \" style='border-radius:0px; '><article class=\"iconbox iconbox_top main_color    no_symbol \"  itemscope=\"itemscope\" itemtype=\"https:\/\/schema.org\/CreativeWork\" ><div class=\"iconbox_content\"><header class=\"entry-content-header\"><div class=\"iconbox_icon heading-color \" aria-hidden='true' data-av_icon='\ue854' data-av_iconfont='entypo-fontello'  ><\/div><h3 class='iconbox_content_title '  itemprop=\"headline\"  ><a href='https:\/\/junge-erwachsene-mit-krebs.de\/jung-und-krebs\/gesichter\/johanna\/' title='Johanna'  >Johanna<\/a><\/h3><\/header><div class='iconbox_content_container  '  itemprop=\"text\"  ><p><img loading=\"lazy\" decoding=\"async\" class=\"alignnone wp-image-13985 size-medium\" src=\"https:\/\/junge-erwachsene-mit-krebs.de\/wp-content\/uploads\/2020\/06\/Johanna-Online-scaled-e1592396726471-300x200.jpg\" alt=\"\" width=\"300\" height=\"200\" \/><\/p>\n<p>30, S\u00e4ngerin &#038; Vocal Coach,<br \/>\nBrustkrebs*<\/p>\n<p><a href=\"https:\/\/junge-erwachsene-mit-krebs.de\/jung-und-krebs\/gesichter\/johanna\/\" rel=\"noopener\">MEHR ERFAHREN<\/a><\/p>\n<\/div><\/div><footer class=\"entry-footer\"><\/footer><\/article><\/div><div class=\"flex_column av_one_half  flex_column_div av-zero-column-padding   \" style='border-radius:0px; '><article class=\"iconbox iconbox_top main_color    no_symbol \"  itemscope=\"itemscope\" itemtype=\"https:\/\/schema.org\/CreativeWork\" ><div class=\"iconbox_content\"><header class=\"entry-content-header\"><div class=\"iconbox_icon heading-color \" aria-hidden='true' data-av_icon='\ue854' data-av_iconfont='entypo-fontello'  ><\/div><h3 class='iconbox_content_title '  itemprop=\"headline\"  ><a href='https:\/\/junge-erwachsene-mit-krebs.de\/youth-cancer\/faces\/lisa\/?lang=en' title='Lisa'  >Lisa<\/a><\/h3><\/header><div class='iconbox_content_container  '  itemprop=\"text\"  ><p><img loading=\"lazy\" decoding=\"async\" class=\"size-medium wp-image-4213\" src=\"https:\/\/junge-erwachsene-mit-krebs.de\/wp-content\/uploads\/2018\/09\/Lisa-03-300x200.jpg\" alt=\"\" width=\"300\" height=\"200\" srcset=\"https:\/\/te2.demo.hello-it.eu\/wp-content\/uploads\/2018\/09\/Lisa-03-300x200.jpg 300w, https:\/\/te2.demo.hello-it.eu\/wp-content\/uploads\/2018\/09\/Lisa-03-768x512.jpg 768w, https:\/\/te2.demo.hello-it.eu\/wp-content\/uploads\/2018\/09\/Lisa-03-1030x687.jpg 1030w, https:\/\/te2.demo.hello-it.eu\/wp-content\/uploads\/2018\/09\/Lisa-03-1500x1000.jpg 1500w, https:\/\/te2.demo.hello-it.eu\/wp-content\/uploads\/2018\/09\/Lisa-03-705x470.jpg 705w, https:\/\/te2.demo.hello-it.eu\/wp-content\/uploads\/2018\/09\/Lisa-03-450x300.jpg 450w, https:\/\/te2.demo.hello-it.eu\/wp-content\/uploads\/2018\/09\/Lisa-03.jpg 1900w\" sizes=\"auto, (max-width: 300px) 100vw, 300px\" \/><\/p>\n<p>21, Gro\u00df- und Au\u00dfenhandelskauffrau,<br \/>\nHodgkin Lymphom*<\/p>\n<p><a href=\"https:\/\/junge-erwachsene-mit-krebs.de\/jung-und-krebs\/gesichter\/lisa\/\" rel=\"noopener\">MEHR ERFAHREN<\/a><\/p>\n<\/div><\/div><footer class=\"entry-footer\"><\/footer><\/article><\/div><div class=\"flex_column av_one_half  flex_column_div av-zero-column-padding first  \" style='border-radius:0px; '><article class=\"iconbox iconbox_top main_color    no_symbol \"  itemscope=\"itemscope\" itemtype=\"https:\/\/schema.org\/CreativeWork\" ><div class=\"iconbox_content\"><header class=\"entry-content-header\"><div class=\"iconbox_icon heading-color \" aria-hidden='true' data-av_icon='\ue854' data-av_iconfont='entypo-fontello'  ><\/div><h3 class='iconbox_content_title '  itemprop=\"headline\"  ><a href='https:\/\/junge-erwachsene-mit-krebs.de\/jung-und-krebs\/gesichter\/natascha\/' title='Natascha'  >Natascha<\/a><\/h3><\/header><div class='iconbox_content_container  '  itemprop=\"text\"  ><p><img loading=\"lazy\" decoding=\"async\" class=\"alignnone wp-image-13987 size-medium\" src=\"https:\/\/junge-erwachsene-mit-krebs.de\/wp-content\/uploads\/2020\/06\/Natascha-Online-scaled-e1592396785744-300x200.jpg\" alt=\"\" width=\"300\" height=\"200\" \/><\/p>\n<p>30, Referentin f\u00fcr Erneuerbare Energien,<br \/>\nAkute Myeloische Leuk\u00e4mie*<\/p>\n<p><a href=\"https:\/\/junge-erwachsene-mit-krebs.de\/jung-und-krebs\/gesichter\/natascha\/\" rel=\"noopener\">MEHR ERFAHREN<\/a><\/p>\n<\/div><\/div><footer class=\"entry-footer\"><\/footer><\/article><\/div><div class=\"flex_column av_one_half  flex_column_div av-zero-column-padding   \" style='border-radius:0px; '><article class=\"iconbox iconbox_top main_color    no_symbol \"  itemscope=\"itemscope\" itemtype=\"https:\/\/schema.org\/CreativeWork\" ><div class=\"iconbox_content\"><header class=\"entry-content-header\"><div class=\"iconbox_icon heading-color \" aria-hidden='true' data-av_icon='\ue854' data-av_iconfont='entypo-fontello'  ><\/div><h3 class='iconbox_content_title '  itemprop=\"headline\"  ><a href='https:\/\/junge-erwachsene-mit-krebs.de\/youth-cancer\/faces\/nadine\/?lang=en' title='Nadine'  >Nadine<\/a><\/h3><\/header><div class='iconbox_content_container  '  itemprop=\"text\"  ><p><img loading=\"lazy\" decoding=\"async\" class=\"alignnone size-medium wp-image-4230\" src=\"https:\/\/junge-erwachsene-mit-krebs.de\/wp-content\/uploads\/2018\/09\/Nadine-03-300x200.jpg\" alt=\"\" width=\"300\" height=\"200\" srcset=\"https:\/\/te2.demo.hello-it.eu\/wp-content\/uploads\/2018\/09\/Nadine-03-300x200.jpg 300w, https:\/\/te2.demo.hello-it.eu\/wp-content\/uploads\/2018\/09\/Nadine-03-768x512.jpg 768w, https:\/\/te2.demo.hello-it.eu\/wp-content\/uploads\/2018\/09\/Nadine-03-1030x686.jpg 1030w, https:\/\/te2.demo.hello-it.eu\/wp-content\/uploads\/2018\/09\/Nadine-03-705x470.jpg 705w, https:\/\/te2.demo.hello-it.eu\/wp-content\/uploads\/2018\/09\/Nadine-03-450x300.jpg 450w, https:\/\/te2.demo.hello-it.eu\/wp-content\/uploads\/2018\/09\/Nadine-03.jpg 1400w\" sizes=\"auto, (max-width: 300px) 100vw, 300px\" \/><\/p>\n<p>33, Ehrenamtliche Mitarbeiterin in einem Fotoprojekt,<br \/>\nNebennierenkarzinom*<\/p>\n<p><a href=\"https:\/\/junge-erwachsene-mit-krebs.de\/jung-und-krebs\/gesichter\/nadine\/\" rel=\"noopener\">MEHR ERFAHREN<\/a><\/p>\n<\/div><\/div><footer class=\"entry-footer\"><\/footer><\/article><\/div><div class=\"flex_column av_one_half  flex_column_div av-zero-column-padding first  \" style='border-radius:0px; '><article class=\"iconbox iconbox_top main_color    no_symbol \"  itemscope=\"itemscope\" itemtype=\"https:\/\/schema.org\/CreativeWork\" ><div class=\"iconbox_content\"><header class=\"entry-content-header\"><div class=\"iconbox_icon heading-color \" aria-hidden='true' data-av_icon='\ue854' data-av_iconfont='entypo-fontello'  ><\/div><h3 class='iconbox_content_title '  itemprop=\"headline\"  ><a href='https:\/\/junge-erwachsene-mit-krebs.de\/jung-und-krebs\/gesichter\/patrick\/' title='Patrick'  >Patrick<\/a><\/h3><\/header><div class='iconbox_content_container  '  itemprop=\"text\"  ><p><img loading=\"lazy\" decoding=\"async\" class=\"alignnone wp-image-13989 size-medium\" src=\"https:\/\/junge-erwachsene-mit-krebs.de\/wp-content\/uploads\/2020\/06\/Patrick-Online-scaled-e1592396845257-300x200.jpg\" alt=\"\" width=\"300\" height=\"200\" \/><\/p>\n<p>36, SEO-Berater,<br \/>\nHodenkrebs*<\/p>\n<p><a href=\"https:\/\/junge-erwachsene-mit-krebs.de\/jung-und-krebs\/gesichter\/patrick\/\" rel=\"noopener\">MEHR ERFAHREN<\/a><\/p>\n<\/div><\/div><footer class=\"entry-footer\"><\/footer><\/article><\/div><div class=\"flex_column av_one_half  flex_column_div av-zero-column-padding   \" style='border-radius:0px; '><article class=\"iconbox iconbox_top main_color    no_symbol \"  itemscope=\"itemscope\" itemtype=\"https:\/\/schema.org\/CreativeWork\" ><div class=\"iconbox_content\"><header class=\"entry-content-header\"><div class=\"iconbox_icon heading-color \" aria-hidden='true' data-av_icon='\ue854' data-av_iconfont='entypo-fontello'  ><\/div><h3 class='iconbox_content_title '  itemprop=\"headline\"  ><a href='https:\/\/junge-erwachsene-mit-krebs.de\/jung-und-krebs\/gesichter\/sandra\/' title='Sandra'  >Sandra<\/a><\/h3><\/header><div class='iconbox_content_container  '  itemprop=\"text\"  ><p><img loading=\"lazy\" decoding=\"async\" class=\"alignnone wp-image-13977 size-medium\" src=\"https:\/\/junge-erwachsene-mit-krebs.de\/wp-content\/uploads\/2020\/06\/Sandra-Online-scaled-e1592396413743-300x200.jpg\" alt=\"\" width=\"300\" height=\"200\" \/><\/p>\n<p>33, Dipl. Betriebswirtin,<br \/>\nIntimasarkom\/Angiosarkom der Aorta Pulmonalis*<\/p>\n<p><a href=\"https:\/\/junge-erwachsene-mit-krebs.de\/jung-und-krebs\/gesichter\/sandra\/\" rel=\"noopener\">MEHR ERFAHREN<\/a><\/p>\n<\/div><\/div><footer class=\"entry-footer\"><\/footer><\/article><\/div><div class=\"flex_column av_one_half  flex_column_div av-zero-column-padding first  \" style='border-radius:0px; '><p><article class=\"iconbox iconbox_top main_color    no_symbol \"  itemscope=\"itemscope\" itemtype=\"https:\/\/schema.org\/CreativeWork\" ><div class=\"iconbox_content\"><header class=\"entry-content-header\"><div class=\"iconbox_icon heading-color \" aria-hidden='true' data-av_icon='\ue854' data-av_iconfont='entypo-fontello'  ><\/div><h3 class='iconbox_content_title '  itemprop=\"headline\"  ><a href='https:\/\/junge-erwachsene-mit-krebs.de\/youth-cancer\/faces\/steffi\/?lang=en' title='Steffi'  >Steffi<\/a><\/h3><\/header><div class='iconbox_content_container  '  itemprop=\"text\"  ><p><img loading=\"lazy\" decoding=\"async\" class=\"alignnone size-medium wp-image-4210\" src=\"https:\/\/junge-erwachsene-mit-krebs.de\/wp-content\/uploads\/2018\/09\/Steffi-02-300x200.jpg\" alt=\"\" width=\"300\" height=\"200\" srcset=\"https:\/\/te2.demo.hello-it.eu\/wp-content\/uploads\/2018\/09\/Steffi-02-300x200.jpg 300w, https:\/\/te2.demo.hello-it.eu\/wp-content\/uploads\/2018\/09\/Steffi-02-768x512.jpg 768w, https:\/\/te2.demo.hello-it.eu\/wp-content\/uploads\/2018\/09\/Steffi-02-1030x686.jpg 1030w, https:\/\/te2.demo.hello-it.eu\/wp-content\/uploads\/2018\/09\/Steffi-02-705x470.jpg 705w, https:\/\/te2.demo.hello-it.eu\/wp-content\/uploads\/2018\/09\/Steffi-02-450x300.jpg 450w, https:\/\/te2.demo.hello-it.eu\/wp-content\/uploads\/2018\/09\/Steffi-02.jpg 1400w\" sizes=\"auto, (max-width: 300px) 100vw, 300px\" \/><\/p>\n<p>35, Friseurmeisterin,<br \/>\nBrustkrebs*<\/p>\n<p><a href=\"https:\/\/junge-erwachsene-mit-krebs.de\/jung-und-krebs\/gesichter\/steffi\/\" rel=\"noopener\">MEHR ERFAHREN<\/a><\/p>\n<\/div><\/div><footer class=\"entry-footer\"><\/footer><\/article><br \/>\n<section class=\"av_textblock_section \"  itemscope=\"itemscope\" itemtype=\"https:\/\/schema.org\/CreativeWork\" ><div class='avia_textblock  '   itemprop=\"text\" ><p>*Angaben zum Zeitpunkt der Diagnose<\/p>\n<\/div><\/section><\/p><\/div><div class=\"flex_column av_one_half  flex_column_div av-zero-column-padding   \" style='border-radius:0px; '><article class=\"iconbox iconbox_top main_color    no_symbol \"  itemscope=\"itemscope\" itemtype=\"https:\/\/schema.org\/CreativeWork\" ><div class=\"iconbox_content\"><header class=\"entry-content-header\"><div class=\"iconbox_icon heading-color \" aria-hidden='true' data-av_icon='\ue854' data-av_iconfont='entypo-fontello'  ><\/div><h3 class='iconbox_content_title '  itemprop=\"headline\"  ><a href='https:\/\/junge-erwachsene-mit-krebs.de\/jung-und-krebs\/gesichter\/stephan\/' title='Stephan'  >Stephan<\/a><\/h3><\/header><div class='iconbox_content_container  '  itemprop=\"text\"  ><p><img loading=\"lazy\" decoding=\"async\" class=\"alignnone wp-image-13981 size-medium\" src=\"https:\/\/junge-erwachsene-mit-krebs.de\/wp-content\/uploads\/2020\/06\/Stephan-Online-scaled-e1592396634364-300x200.jpg\" alt=\"\" width=\"300\" height=\"200\" \/><\/p>\n<p>24, Erzieher\/Rentner (EU),<br \/>\nAstrozytom\/Hirntumor*<\/p>\n<p><a href=\"https:\/\/junge-erwachsene-mit-krebs.de\/jung-und-krebs\/gesichter\/stephan\/\" rel=\"noopener\">MEHR ERFAHREN<\/a><\/p>\n<\/div><\/div><footer class=\"entry-footer\"><\/footer><\/article><\/div>\n\n","protected":false},"excerpt":{"rendered":"","protected":false},"author":1,"featured_media":22370,"parent":8449,"menu_order":0,"comment_status":"closed","ping_status":"closed","template":"","meta":{"_acf_changed":false,"footnotes":""},"class_list":["post-8451","page","type-page","status-publish","has-post-thumbnail","hentry"],"acf":[],"yoast_head":"<!-- This site is optimized with the Yoast SEO Premium plugin v18.2.1 (Yoast SEO v24.6) - https:\/\/yoast.com\/wordpress\/plugins\/seo\/ -->\n<title>Faces - DSFJEMK<\/title>\n<meta name=\"robots\" content=\"noindex, follow, max-snippet:-1, max-image-preview:large, max-video-preview:-1\" \/>\n<meta property=\"og:locale\" content=\"en_US\" \/>\n<meta property=\"og:type\" content=\"article\" \/>\n<meta property=\"og:title\" content=\"Faces\" \/>\n<meta property=\"og:url\" content=\"https:\/\/te2.demo.hello-it.eu\/jung-und-krebs\/betroffene-berichten\/\" \/>\n<meta property=\"og:site_name\" content=\"DSFJEMK\" \/>\n<meta property=\"article:modified_time\" content=\"2021-12-22T09:34:19+00:00\" \/>\n<meta property=\"og:image\" content=\"https:\/\/te2.demo.hello-it.eu\/wp-content\/uploads\/2023\/03\/bernd-e1679999392759.png\" \/>\n\t<meta property=\"og:image:width\" content=\"1091\" \/>\n\t<meta property=\"og:image:height\" content=\"673\" \/>\n\t<meta property=\"og:image:type\" content=\"image\/png\" \/>\n<meta name=\"twitter:card\" content=\"summary_large_image\" \/>\n<meta name=\"twitter:label1\" content=\"Est. reading time\" \/>\n\t<meta name=\"twitter:data1\" content=\"14 minutes\" \/>\n<script type=\"application\/ld+json\" class=\"yoast-schema-graph\">{\"@context\":\"https:\/\/schema.org\",\"@graph\":[{\"@type\":\"WebPage\",\"@id\":\"https:\/\/te2.demo.hello-it.eu\/jung-und-krebs\/betroffene-berichten\/\",\"url\":\"https:\/\/te2.demo.hello-it.eu\/jung-und-krebs\/betroffene-berichten\/\",\"name\":\"Faces - DSFJEMK\",\"isPartOf\":{\"@id\":\"https:\/\/te2.demo.hello-it.eu\/#website\"},\"primaryImageOfPage\":{\"@id\":\"https:\/\/te2.demo.hello-it.eu\/jung-und-krebs\/betroffene-berichten\/#primaryimage\"},\"image\":{\"@id\":\"https:\/\/te2.demo.hello-it.eu\/jung-und-krebs\/betroffene-berichten\/#primaryimage\"},\"thumbnailUrl\":\"https:\/\/te2.demo.hello-it.eu\/wp-content\/uploads\/2023\/03\/bernd-e1679999392759.png\",\"datePublished\":\"2019-02-19T14:58:37+00:00\",\"dateModified\":\"2021-12-22T09:34:19+00:00\",\"breadcrumb\":{\"@id\":\"https:\/\/te2.demo.hello-it.eu\/jung-und-krebs\/betroffene-berichten\/#breadcrumb\"},\"inLanguage\":\"en-US\",\"potentialAction\":[{\"@type\":\"ReadAction\",\"target\":[\"https:\/\/te2.demo.hello-it.eu\/jung-und-krebs\/betroffene-berichten\/\"]}]},{\"@type\":\"ImageObject\",\"inLanguage\":\"en-US\",\"@id\":\"https:\/\/te2.demo.hello-it.eu\/jung-und-krebs\/betroffene-berichten\/#primaryimage\",\"url\":\"https:\/\/te2.demo.hello-it.eu\/wp-content\/uploads\/2023\/03\/bernd-e1679999392759.png\",\"contentUrl\":\"https:\/\/te2.demo.hello-it.eu\/wp-content\/uploads\/2023\/03\/bernd-e1679999392759.png\",\"width\":1091,\"height\":673},{\"@type\":\"BreadcrumbList\",\"@id\":\"https:\/\/te2.demo.hello-it.eu\/jung-und-krebs\/betroffene-berichten\/#breadcrumb\",\"itemListElement\":[{\"@type\":\"ListItem\",\"position\":1,\"name\":\"Startseite\",\"item\":\"https:\/\/te2.demo.hello-it.eu\/en\/\"},{\"@type\":\"ListItem\",\"position\":2,\"name\":\"Youth &#038; Cancer\",\"item\":\"https:\/\/te2.demo.hello-it.eu\/en\/youth-cancer\/\"},{\"@type\":\"ListItem\",\"position\":3,\"name\":\"Faces\"}]},{\"@type\":\"WebSite\",\"@id\":\"https:\/\/te2.demo.hello-it.eu\/#website\",\"url\":\"https:\/\/te2.demo.hello-it.eu\/\",\"name\":\"DSFJEMK\",\"description\":\"Deutsche Stiftung f\u00fcr junge Erwachsene mit Krebs\",\"publisher\":{\"@id\":\"https:\/\/te2.demo.hello-it.eu\/#organization\"},\"potentialAction\":[{\"@type\":\"SearchAction\",\"target\":{\"@type\":\"EntryPoint\",\"urlTemplate\":\"https:\/\/te2.demo.hello-it.eu\/?s={search_term_string}\"},\"query-input\":{\"@type\":\"PropertyValueSpecification\",\"valueRequired\":true,\"valueName\":\"search_term_string\"}}],\"inLanguage\":\"en-US\"},{\"@type\":\"Organization\",\"@id\":\"https:\/\/te2.demo.hello-it.eu\/#organization\",\"name\":\"Deutsche Stiftung f\u00fcr junge Erwachsene mit Krebs\",\"url\":\"https:\/\/te2.demo.hello-it.eu\/\",\"logo\":{\"@type\":\"ImageObject\",\"inLanguage\":\"en-US\",\"@id\":\"https:\/\/te2.demo.hello-it.eu\/#\/schema\/logo\/image\/\",\"url\":\"https:\/\/te2.demo.hello-it.eu\/wp-content\/uploads\/2018\/09\/Logo_DSfjEmK-2018.jpg\",\"contentUrl\":\"https:\/\/te2.demo.hello-it.eu\/wp-content\/uploads\/2018\/09\/Logo_DSfjEmK-2018.jpg\",\"width\":1000,\"height\":1000,\"caption\":\"Deutsche Stiftung f\u00fcr junge Erwachsene mit Krebs\"},\"image\":{\"@id\":\"https:\/\/te2.demo.hello-it.eu\/#\/schema\/logo\/image\/\"}}]}<\/script>\n<!-- \/ Yoast SEO Premium plugin. -->","yoast_head_json":{"title":"Faces - DSFJEMK","robots":{"index":"noindex","follow":"follow","max-snippet":"max-snippet:-1","max-image-preview":"max-image-preview:large","max-video-preview":"max-video-preview:-1"},"og_locale":"en_US","og_type":"article","og_title":"Faces","og_url":"https:\/\/te2.demo.hello-it.eu\/jung-und-krebs\/betroffene-berichten\/","og_site_name":"DSFJEMK","article_modified_time":"2021-12-22T09:34:19+00:00","og_image":[{"width":1091,"height":673,"url":"https:\/\/te2.demo.hello-it.eu\/wp-content\/uploads\/2023\/03\/bernd-e1679999392759.png","type":"image\/png"}],"twitter_card":"summary_large_image","twitter_misc":{"Est. reading time":"14 minutes"},"schema":{"@context":"https:\/\/schema.org","@graph":[{"@type":"WebPage","@id":"https:\/\/te2.demo.hello-it.eu\/jung-und-krebs\/betroffene-berichten\/","url":"https:\/\/te2.demo.hello-it.eu\/jung-und-krebs\/betroffene-berichten\/","name":"Faces - DSFJEMK","isPartOf":{"@id":"https:\/\/te2.demo.hello-it.eu\/#website"},"primaryImageOfPage":{"@id":"https:\/\/te2.demo.hello-it.eu\/jung-und-krebs\/betroffene-berichten\/#primaryimage"},"image":{"@id":"https:\/\/te2.demo.hello-it.eu\/jung-und-krebs\/betroffene-berichten\/#primaryimage"},"thumbnailUrl":"https:\/\/te2.demo.hello-it.eu\/wp-content\/uploads\/2023\/03\/bernd-e1679999392759.png","datePublished":"2019-02-19T14:58:37+00:00","dateModified":"2021-12-22T09:34:19+00:00","breadcrumb":{"@id":"https:\/\/te2.demo.hello-it.eu\/jung-und-krebs\/betroffene-berichten\/#breadcrumb"},"inLanguage":"en-US","potentialAction":[{"@type":"ReadAction","target":["https:\/\/te2.demo.hello-it.eu\/jung-und-krebs\/betroffene-berichten\/"]}]},{"@type":"ImageObject","inLanguage":"en-US","@id":"https:\/\/te2.demo.hello-it.eu\/jung-und-krebs\/betroffene-berichten\/#primaryimage","url":"https:\/\/te2.demo.hello-it.eu\/wp-content\/uploads\/2023\/03\/bernd-e1679999392759.png","contentUrl":"https:\/\/te2.demo.hello-it.eu\/wp-content\/uploads\/2023\/03\/bernd-e1679999392759.png","width":1091,"height":673},{"@type":"BreadcrumbList","@id":"https:\/\/te2.demo.hello-it.eu\/jung-und-krebs\/betroffene-berichten\/#breadcrumb","itemListElement":[{"@type":"ListItem","position":1,"name":"Startseite","item":"https:\/\/te2.demo.hello-it.eu\/en\/"},{"@type":"ListItem","position":2,"name":"Youth &#038; Cancer","item":"https:\/\/te2.demo.hello-it.eu\/en\/youth-cancer\/"},{"@type":"ListItem","position":3,"name":"Faces"}]},{"@type":"WebSite","@id":"https:\/\/te2.demo.hello-it.eu\/#website","url":"https:\/\/te2.demo.hello-it.eu\/","name":"DSFJEMK","description":"Deutsche Stiftung f\u00fcr junge Erwachsene mit Krebs","publisher":{"@id":"https:\/\/te2.demo.hello-it.eu\/#organization"},"potentialAction":[{"@type":"SearchAction","target":{"@type":"EntryPoint","urlTemplate":"https:\/\/te2.demo.hello-it.eu\/?s={search_term_string}"},"query-input":{"@type":"PropertyValueSpecification","valueRequired":true,"valueName":"search_term_string"}}],"inLanguage":"en-US"},{"@type":"Organization","@id":"https:\/\/te2.demo.hello-it.eu\/#organization","name":"Deutsche Stiftung f\u00fcr junge Erwachsene mit Krebs","url":"https:\/\/te2.demo.hello-it.eu\/","logo":{"@type":"ImageObject","inLanguage":"en-US","@id":"https:\/\/te2.demo.hello-it.eu\/#\/schema\/logo\/image\/","url":"https:\/\/te2.demo.hello-it.eu\/wp-content\/uploads\/2018\/09\/Logo_DSfjEmK-2018.jpg","contentUrl":"https:\/\/te2.demo.hello-it.eu\/wp-content\/uploads\/2018\/09\/Logo_DSfjEmK-2018.jpg","width":1000,"height":1000,"caption":"Deutsche Stiftung f\u00fcr junge Erwachsene mit Krebs"},"image":{"@id":"https:\/\/te2.demo.hello-it.eu\/#\/schema\/logo\/image\/"}}]}},"_links":{"self":[{"href":"https:\/\/te2.demo.hello-it.eu\/en\/wp-json\/wp\/v2\/pages\/8451","targetHints":{"allow":["GET"]}}],"collection":[{"href":"https:\/\/te2.demo.hello-it.eu\/en\/wp-json\/wp\/v2\/pages"}],"about":[{"href":"https:\/\/te2.demo.hello-it.eu\/en\/wp-json\/wp\/v2\/types\/page"}],"author":[{"embeddable":true,"href":"https:\/\/te2.demo.hello-it.eu\/en\/wp-json\/wp\/v2\/users\/1"}],"replies":[{"embeddable":true,"href":"https:\/\/te2.demo.hello-it.eu\/en\/wp-json\/wp\/v2\/comments?post=8451"}],"version-history":[{"count":5,"href":"https:\/\/te2.demo.hello-it.eu\/en\/wp-json\/wp\/v2\/pages\/8451\/revisions"}],"predecessor-version":[{"id":17734,"href":"https:\/\/te2.demo.hello-it.eu\/en\/wp-json\/wp\/v2\/pages\/8451\/revisions\/17734"}],"up":[{"embeddable":true,"href":"https:\/\/te2.demo.hello-it.eu\/en\/wp-json\/wp\/v2\/pages\/8449"}],"wp:featuredmedia":[{"embeddable":true,"href":"https:\/\/te2.demo.hello-it.eu\/en\/wp-json\/wp\/v2\/media\/22370"}],"wp:attachment":[{"href":"https:\/\/te2.demo.hello-it.eu\/en\/wp-json\/wp\/v2\/media?parent=8451"}],"curies":[{"name":"wp","href":"https:\/\/api.w.org\/{rel}","templated":true}]}}